


















{"id":401,"date":"2018-12-04T14:16:23","date_gmt":"2018-12-04T12:16:23","guid":{"rendered":"http:\/\/pq19.institutdelteatre.cat\/?page_id=401"},"modified":"2020-03-03T13:34:16","modified_gmt":"2020-03-03T11:34:16","slug":"cube-bz","status":"publish","type":"page","link":"https:\/\/pq19.institutdelteatre.cat\/en\/countries-and-regions-section\/participating-scenographers\/cube-bz\/","title":{"rendered":"CUBE.bz"},"content":{"rendered":"<p>Drinking from the sources of American rationalist architecture, Camar\u00f3n de la Isla, the Lumi\u00e8re brothers, Bruce Nauman, Alvar Aalto or Jean Prouv\u00e9, new technologies, Olafur Eliasson, the Berlin scene, Caravaggio, The Young Ones, the Velvet Underground, rumba and punk, Leonardo da Vinci or shanty building in general (among many others) places us in context. Performance, time codes, installation, scenic artifacts, new and old lighting systems, spatial dramaturgy, lack or excess of narrative, the law of gravity, mechanisms of perception, rotaflex and linguistics are some of our tools of creation. Trained in visual arts, theater and architecture, our work is characterized by the permanent search in the fields of light, space, and the objects that occupy it through the transgressive attitude that involves placing oneself within the limits of paratheatricality. We have worked, among others, with General El\u00e8ctrica, Frederic Amat, Societat Doctor Alonso, \u00c0lex Rigola, Marcel\u00b7l\u00ed Ant\u00fanez, Constanza Brn\u010di\u0107, August\u00ed Fernandez, Albert Pla, Standstill, La Fura dels Baus, Agrupaci\u00f3n Se\u00f1or Serrano, Mal Pelo, S\u00edlvia P\u00e9rez Cruz, Los Corderos, Cabo San Roque, Sol Pic\u00f3, Maria Arnal and Marcel Bag\u00e8s, Rosal\u00eda&#8230;<\/p>\n<p>&nbsp;<\/p>\n<p><a href=\"http:\/\/cube.bz\/\" target=\"_blank\" rel=\"noopener noreferrer\">http:\/\/cube.bz\/<\/a><\/p>\n<p>&nbsp;<\/p>","protected":false},"excerpt":{"rendered":"<p>Drinking from the sources of American rationalist architecture, Camar\u00f3n de la Isla, the Lumi\u00e8re brothers, Bruce Nauman, Alvar Aalto or Jean Prouv\u00e9, new technologies, Olafur Eliasson, the Berlin scene, Caravaggio, The Young Ones, the Velvet Underground, rumba and punk, Leonardo da Vinci or shanty building in general (among many others) places us in context. Performance, &#8230; <a title=\"CUBE.bz\" class=\"read-more\" href=\"https:\/\/pq19.institutdelteatre.cat\/en\/countries-and-regions-section\/participating-scenographers\/cube-bz\/\" aria-label=\"More on CUBE.bz\">Read more<\/a><\/p>\n","protected":false},"author":1,"featured_media":1155,"parent":331,"menu_order":2,"comment_status":"closed","ping_status":"closed","template":"","meta":[],"yoast_head":"<!-- This site is optimized with the Yoast SEO plugin v14.9 - https:\/\/yoast.com\/wordpress\/plugins\/seo\/ -->\n<title>CUBE.bz - PQ19-Catalunya - INSTITUT DEL TEATRE<\/title>\n<meta name=\"robots\" content=\"index, follow, max-snippet:-1, max-image-preview:large, max-video-preview:-1\" \/>\n<link rel=\"canonical\" href=\"http:\/\/pq19.institutdelteatre.cat\/es\/seccion-paises-y-regiones\/escenografas-participantes\/cube-bz\/\" \/>\n<meta property=\"og:locale\" content=\"en_US\" \/>\n<meta property=\"og:type\" content=\"article\" \/>\n<meta property=\"og:title\" content=\"CUBE.bz - PQ19-Catalunya - INSTITUT DEL TEATRE\" \/>\n<meta property=\"og:description\" content=\"Drinking from the sources of American rationalist architecture, Camar\u00f3n de la Isla, the Lumi\u00e8re brothers, Bruce Nauman, Alvar Aalto or Jean Prouv\u00e9, new technologies, Olafur Eliasson, the Berlin scene, Caravaggio, The Young Ones, the Velvet Underground, rumba and punk, Leonardo da Vinci or shanty building in general (among many others) places us in context. Performance, ... Read more\" \/>\n<meta property=\"og:url\" content=\"http:\/\/pq19.institutdelteatre.cat\/es\/seccion-paises-y-regiones\/escenografas-participantes\/cube-bz\/\" \/>\n<meta property=\"og:site_name\" content=\"PQ19-Catalunya - INSTITUT DEL TEATRE\" \/>\n<meta property=\"article:modified_time\" content=\"2020-03-03T11:34:16+00:00\" \/>\n<meta property=\"og:image\" content=\"https:\/\/pq19.institutdelteatre.cat\/wp-content\/uploads\/2.4.3.3_Foto_Portada_Cube.jpg\" \/>\n\t<meta property=\"og:image:width\" content=\"1280\" \/>\n\t<meta property=\"og:image:height\" content=\"853\" \/>\n<meta name=\"twitter:card\" content=\"summary_large_image\" \/>\n<script type=\"application\/ld+json\" class=\"yoast-schema-graph\">{\"@context\":\"https:\/\/schema.org\",\"@graph\":[{\"@type\":\"Organization\",\"@id\":\"https:\/\/pq19.institutdelteatre.cat\/en\/#organization\",\"name\":\"Institut del teatre\",\"url\":\"https:\/\/pq19.institutdelteatre.cat\/en\/\",\"sameAs\":[],\"logo\":{\"@type\":\"ImageObject\",\"@id\":\"https:\/\/pq19.institutdelteatre.cat\/en\/#logo\",\"inLanguage\":\"en-US\",\"url\":\"https:\/\/pq19.institutdelteatre.cat\/wp-content\/uploads\/2018\/10\/logo_institut-teatre.png\",\"width\":280,\"height\":69,\"caption\":\"Institut del teatre\"},\"image\":{\"@id\":\"https:\/\/pq19.institutdelteatre.cat\/en\/#logo\"}},{\"@type\":\"WebSite\",\"@id\":\"https:\/\/pq19.institutdelteatre.cat\/en\/#website\",\"url\":\"https:\/\/pq19.institutdelteatre.cat\/en\/\",\"name\":\"PQ19-Catalunya - INSTITUT DEL TEATRE\",\"description\":\"INSTITUT DEL TEATRE\",\"publisher\":{\"@id\":\"https:\/\/pq19.institutdelteatre.cat\/en\/#organization\"},\"potentialAction\":[{\"@type\":\"SearchAction\",\"target\":\"https:\/\/pq19.institutdelteatre.cat\/en\/?s={search_term_string}\",\"query-input\":\"required name=search_term_string\"}],\"inLanguage\":\"en-US\"},{\"@type\":\"ImageObject\",\"@id\":\"http:\/\/pq19.institutdelteatre.cat\/es\/seccion-paises-y-regiones\/escenografas-participantes\/cube-bz\/#primaryimage\",\"inLanguage\":\"en-US\",\"url\":\"https:\/\/pq19.institutdelteatre.cat\/wp-content\/uploads\/2.4.3.3_Foto_Portada_Cube.jpg\",\"width\":1280,\"height\":853},{\"@type\":\"WebPage\",\"@id\":\"http:\/\/pq19.institutdelteatre.cat\/es\/seccion-paises-y-regiones\/escenografas-participantes\/cube-bz\/#webpage\",\"url\":\"http:\/\/pq19.institutdelteatre.cat\/es\/seccion-paises-y-regiones\/escenografas-participantes\/cube-bz\/\",\"name\":\"CUBE.bz - PQ19-Catalunya - INSTITUT DEL TEATRE\",\"isPartOf\":{\"@id\":\"https:\/\/pq19.institutdelteatre.cat\/en\/#website\"},\"primaryImageOfPage\":{\"@id\":\"http:\/\/pq19.institutdelteatre.cat\/es\/seccion-paises-y-regiones\/escenografas-participantes\/cube-bz\/#primaryimage\"},\"datePublished\":\"2018-12-04T12:16:23+00:00\",\"dateModified\":\"2020-03-03T11:34:16+00:00\",\"breadcrumb\":{\"@id\":\"http:\/\/pq19.institutdelteatre.cat\/es\/seccion-paises-y-regiones\/escenografas-participantes\/cube-bz\/#breadcrumb\"},\"inLanguage\":\"en-US\",\"potentialAction\":[{\"@type\":\"ReadAction\",\"target\":[\"http:\/\/pq19.institutdelteatre.cat\/es\/seccion-paises-y-regiones\/escenografas-participantes\/cube-bz\/\"]}]},{\"@type\":\"BreadcrumbList\",\"@id\":\"http:\/\/pq19.institutdelteatre.cat\/es\/seccion-paises-y-regiones\/escenografas-participantes\/cube-bz\/#breadcrumb\",\"itemListElement\":[{\"@type\":\"ListItem\",\"position\":1,\"item\":{\"@type\":\"WebPage\",\"@id\":\"http:\/\/pq19.institutdelteatre.cat\/\",\"url\":\"http:\/\/pq19.institutdelteatre.cat\/\",\"name\":\"Home\"}},{\"@type\":\"ListItem\",\"position\":2,\"item\":{\"@type\":\"WebPage\",\"@id\":\"http:\/\/pq19.institutdelteatre.cat\/seccio-paisos-i-regions\/\",\"url\":\"http:\/\/pq19.institutdelteatre.cat\/seccio-paisos-i-regions\/\",\"name\":\"Secci\\u00f3 PA\\u00cfSOS I REGIONS\"}},{\"@type\":\"ListItem\",\"position\":3,\"item\":{\"@type\":\"WebPage\",\"@id\":\"http:\/\/pq19.institutdelteatre.cat\/seccio-paisos-i-regions\/escenografes-participants\/\",\"url\":\"http:\/\/pq19.institutdelteatre.cat\/seccio-paisos-i-regions\/escenografes-participants\/\",\"name\":\"ESCEN\\u00d2GRAFES PARTICIPANTS\"}},{\"@type\":\"ListItem\",\"position\":4,\"item\":{\"@type\":\"WebPage\",\"@id\":\"http:\/\/pq19.institutdelteatre.cat\/es\/seccion-paises-y-regiones\/escenografas-participantes\/cube-bz\/\",\"url\":\"http:\/\/pq19.institutdelteatre.cat\/es\/seccion-paises-y-regiones\/escenografas-participantes\/cube-bz\/\",\"name\":\"CUBE.bz\"}}]}]}<\/script>\n<!-- \/ Yoast SEO plugin. -->","_links":{"self":[{"href":"https:\/\/pq19.institutdelteatre.cat\/en\/wp-json\/wp\/v2\/pages\/401"}],"collection":[{"href":"https:\/\/pq19.institutdelteatre.cat\/en\/wp-json\/wp\/v2\/pages"}],"about":[{"href":"https:\/\/pq19.institutdelteatre.cat\/en\/wp-json\/wp\/v2\/types\/page"}],"author":[{"embeddable":true,"href":"https:\/\/pq19.institutdelteatre.cat\/en\/wp-json\/wp\/v2\/users\/1"}],"replies":[{"embeddable":true,"href":"https:\/\/pq19.institutdelteatre.cat\/en\/wp-json\/wp\/v2\/comments?post=401"}],"version-history":[{"count":9,"href":"https:\/\/pq19.institutdelteatre.cat\/en\/wp-json\/wp\/v2\/pages\/401\/revisions"}],"predecessor-version":[{"id":1769,"href":"https:\/\/pq19.institutdelteatre.cat\/en\/wp-json\/wp\/v2\/pages\/401\/revisions\/1769"}],"up":[{"embeddable":true,"href":"https:\/\/pq19.institutdelteatre.cat\/en\/wp-json\/wp\/v2\/pages\/331"}],"wp:featuredmedia":[{"embeddable":true,"href":"https:\/\/pq19.institutdelteatre.cat\/en\/wp-json\/wp\/v2\/media\/1155"}],"wp:attachment":[{"href":"https:\/\/pq19.institutdelteatre.cat\/en\/wp-json\/wp\/v2\/media?parent=401"}],"curies":[{"name":"wp","href":"https:\/\/api.w.org\/{rel}","templated":true}]}}